{"id":5,"date":"2020-01-13T11:17:52","date_gmt":"2020-01-13T11:17:52","guid":{"rendered":"https:\/\/demosites.io\/web-agency-gb\/?page_id=5"},"modified":"2026-03-08T15:53:01","modified_gmt":"2026-03-08T14:53:01","slug":"15c42-web-agency-gb-home","status":"publish","type":"page","link":"https:\/\/reflexologue-fabienne-morel.fr\/","title":{"rendered":"Home"},"content":{"rendered":"\n<div class=\"wp-block-cover alignfull is-light\" style=\"min-height:700px;aspect-ratio:unset;\"><img loading=\"lazy\" decoding=\"async\" width=\"1114\" height=\"756\" class=\"wp-block-cover__image-background wp-image-395\" alt=\"\" src=\"http:\/\/reflexologue-fabienne-morel.fr\/wp-content\/uploads\/2022\/08\/Capture-decran-2022-08-05-194149.png\" style=\"object-position:50% 64%\" data-object-fit=\"cover\" data-object-position=\"50% 64%\" srcset=\"https:\/\/reflexologue-fabienne-morel.fr\/wp-content\/uploads\/2022\/08\/Capture-decran-2022-08-05-194149.png 1114w, https:\/\/reflexologue-fabienne-morel.fr\/wp-content\/uploads\/2022\/08\/Capture-decran-2022-08-05-194149-300x204.png 300w, https:\/\/reflexologue-fabienne-morel.fr\/wp-content\/uploads\/2022\/08\/Capture-decran-2022-08-05-194149-1024x695.png 1024w, https:\/\/reflexologue-fabienne-morel.fr\/wp-content\/uploads\/2022\/08\/Capture-decran-2022-08-05-194149-768x521.png 768w\" sizes=\"auto, (max-width: 1114px) 100vw, 1114px\" \/><span aria-hidden=\"true\" class=\"wp-block-cover__background has-nv-site-bg-background-color has-background-dim-30 has-background-dim\"><\/span><div class=\"wp-block-cover__inner-container is-layout-flow wp-block-cover-is-layout-flow\">\n<p class=\"has-text-align-center has-text-color has-large-font-size\" style=\"color:#121212\"><strong><em>\u00ab\u00a0Prendre du temps pour soi.\u00a0\u00bb<\/em><\/strong><\/p>\n\n\n\n<p><\/p>\n\n\n\n<p><\/p>\n\n\n\n<div style=\"height:100px\" aria-hidden=\"true\" class=\"wp-block-spacer\"><\/div>\n\n\n\n<p class=\"has-text-align-center\" style=\"font-size:30px\">Fabienne Morel, R\u00e9flexologue<\/p>\n\n\n\n<p class=\"has-text-align-center has-medium-font-size\">06.71.11.24.66<\/p>\n\n\n\n<div class=\"wp-block-buttons is-horizontal is-content-justification-center is-layout-flex wp-container-core-buttons-is-layout-499968f5 wp-block-buttons-is-layout-flex\">\n<div class=\"wp-block-button is-style-primary\"><a class=\"wp-block-button__link wp-element-button\" href=\"https:\/\/reflexologue-fabienne-morel.fr\/#contact\">PRENDRE RENDEZ-VOUS<\/a><\/div>\n<\/div>\n\n\n\n<div style=\"height:80px\" aria-hidden=\"true\" class=\"wp-block-spacer\"><\/div>\n\n\n\n<div style=\"height:80px\" aria-hidden=\"true\" class=\"wp-block-spacer\"><\/div>\n<\/div><\/div>\n\n\n\n<p class=\"has-text-align-center\" id=\"reflexologie\"><br>\u00ab La R\u00e9flexologie est une science qui part du principe qu\u2019il y a dans les pieds et les<br>mains des zones r\u00e9flexes correspondant \u00e0 toutes les glandes, tous les organes et toutes<br>les parties du corps \u00bb<br>Dwight C Byers<\/p>\n\n\n\n<p><strong>Qu<\/strong>&lsquo;<strong>est ce que la r\u00e9flexologie?<\/strong><\/p>\n\n\n\n<p>Le praticien travaille en reptation avec le pouce ou l\u2019index afin de stimuler les diff\u00e9rentes zones r\u00e9flexes du pied. Les pressions exerc\u00e9es par la reptation vont stimuler le syst\u00e8me nerveux qui enverra les informations vers les organes concern\u00e9s.<\/p>\n\n\n\n<p>Elle s\u2019appuie sur le principe que tous les organes, ganglions et autres parties du corps sont repr\u00e9sent\u00e9s sous et sur nos pieds.<\/p>\n\n\n\n<div class=\"wp-block-columns is-layout-flex wp-container-core-columns-is-layout-9d6595d7 wp-block-columns-is-layout-flex\">\n<div class=\"wp-block-column is-layout-flow wp-block-column-is-layout-flow\">\n<p><strong>Il existe plusieurs type de r\u00e9flexologie:<\/strong><\/p>\n<\/div>\n\n\n\n<div class=\"wp-block-column is-layout-flow wp-block-column-is-layout-flow\">\n<ul class=\"wp-block-list\">\n<li>plantaire ( sur les pieds)<\/li>\n\n\n\n<li>palmaire (au niveau des mains)<\/li>\n\n\n\n<li>faciale (sur le visage)<\/li>\n\n\n\n<li>cr\u00e2nienne (sur le cr\u00e2ne)<\/li>\n\n\n\n<li>auriculaire (au niveau des oreilles)<\/li>\n<\/ul>\n<\/div>\n<\/div>\n\n\n\n<div class=\"wp-block-group\"><div class=\"wp-block-group__inner-container is-layout-flow wp-block-group-is-layout-flow\">\n<p class=\"has-text-align-center\"><\/p>\n<\/div><\/div>\n\n\n\n<p>Gr\u00e2ce \u00e0 mon travail sur les \u00ab\u00a0zones r\u00e9flexes\u00a0\u00bb je vous aiderai \u00e0 atteindre une d\u00e9tente profonde et \u00e0 r\u00e9tablir un \u00e9quilibre physique, \u00e9motionnel et\/ou psychologique.<\/p>\n\n\n\n<div class=\"wp-block-columns is-layout-flex wp-container-core-columns-is-layout-9d6595d7 wp-block-columns-is-layout-flex\">\n<div class=\"wp-block-column is-layout-flow wp-block-column-is-layout-flow\">\n<p><strong>Cette technique permet de travailler sur:<\/strong><\/p>\n<\/div>\n\n\n\n<div class=\"wp-block-column is-layout-flow wp-block-column-is-layout-flow\">\n<ul class=\"wp-block-list\">\n<li>le stress,<\/li>\n\n\n\n<li>l\u2019angoisse,<\/li>\n\n\n\n<li>les troubles du sommeil,<\/li>\n\n\n\n<li>les douleurs articulaires et\/ou musculaires,<\/li>\n\n\n\n<li>les migraines,<\/li>\n\n\n\n<li>les troubles gyn\u00e9cologiques (r\u00e8gles douloureuses, m\u00e9nopause\u2026),<\/li>\n\n\n\n<li>les allergies ,<\/li>\n\n\n\n<li>et bien d&rsquo;autres encore\u2026\u2026.<\/li>\n<\/ul>\n<\/div>\n<\/div>\n\n\n\n<div class=\"wp-block-cover alignfull\" style=\"min-height:600px;aspect-ratio:unset;\"><span aria-hidden=\"true\" class=\"wp-block-cover__background has-nv-light-bg-background-color has-background-dim-100 has-background-dim\"><\/span><div class=\"wp-block-cover__inner-container is-layout-flow wp-block-cover-is-layout-flow\">\n<div class=\"wp-block-group\"><div class=\"wp-block-group__inner-container is-layout-flow wp-block-group-is-layout-flow\">\n<div style=\"height:40px\" aria-hidden=\"true\" class=\"wp-block-spacer\"><\/div>\n<\/div><\/div>\n\n\n\n<h2 class=\"wp-block-heading has-neve-text-color-color has-text-color\" id=\"seances\">Mes s\u00e9ances<\/h2>\n\n\n\n<p class=\"has-neve-text-color-color has-text-color\"><strong>Avertissement&nbsp;:<em> La r\u00e9flexologie ne se substitue pas \u00e0 un suivi m\u00e9dical et ne permet en aucun cas d\u2019\u00e9tablir un diagnostic ou de modifier une prescription m\u00e9dicale. En cas de doute consulter votre m\u00e9decin traitant.<\/em><\/strong><\/p>\n\n\n\n<p><\/p>\n\n\n\n<p class=\"has-neve-text-color-color has-text-color has-medium-font-size\"><strong>Une s\u00e9ance en d\u00e9tail&#8230;..<\/strong><\/p>\n\n\n\n<p class=\"has-neve-text-color-color has-text-color\">Pour la premi\u00e8re rencontre, il faudra pr\u00e9voir 1h15 (1h pour les suivantes) afin que je puisse recueillir toutes les informations n\u00e9cessaires \u00e0 l&rsquo;\u00e9tablissement du protocole qui sera le plus adapt\u00e9 au motif de la consultation (habitudes de vie, ant\u00e9c\u00e9dents m\u00e9dicaux, traitements sp\u00e9cifiques en cours&#8230;.). <\/p>\n\n\n\n<p class=\"has-neve-text-color-color has-text-color\">Vous serez confortablement install\u00e9 sur une table de massage dans un environnement propice \u00e0 la d\u00e9tente. Il faut pr\u00e9voir 4 \u00e0 5 s\u00e9ances afin d&rsquo;obtenir des r\u00e9sultats efficaces et durables  dans le temps. <\/p>\n\n\n\n<p class=\"has-neve-text-color-color has-text-color\">A la fin du soin, nous aurons un temps d&rsquo;\u00e9change sur votre ressentit durant la s\u00e9ance.<\/p>\n\n\n\n<p class=\"has-text-align-center has-neve-text-color-color has-text-color has-large-font-size\"><strong>TARIFS:<\/strong><\/p>\n\n\n\n<div class=\"wp-block-columns is-layout-flex wp-container-core-columns-is-layout-9d6595d7 wp-block-columns-is-layout-flex\">\n<div class=\"wp-block-column is-layout-flow wp-block-column-is-layout-flow\">\n<h3 class=\"wp-block-heading has-text-align-center has-neve-text-color-color has-text-color\">R\u00e9flexologie plantaire<\/h3>\n\n\n\n<p class=\"has-text-align-center has-neve-text-color-color has-text-color\">S\u00e9ance 1h<\/p>\n\n\n\n<p class=\"has-text-align-center has-neve-text-color-color has-text-color\"><strong> 50 euros<\/strong><\/p>\n\n\n\n<p class=\"has-text-align-center has-neve-text-color-color has-text-color\">Tarif r\u00e9duit (\u00e9tudiant, demandeurs d&#8217;emploi): 40 euros<\/p>\n<\/div>\n\n\n\n<div class=\"wp-block-column is-layout-flow wp-block-column-is-layout-flow\">\n<h3 class=\"wp-block-heading has-text-align-center has-neve-text-color-color has-text-color\">R\u00e9flexologie plantaire enfant<\/h3>\n\n\n\n<p class=\"has-text-align-center has-neve-text-color-color has-text-color\">S\u00e9ance 30min<\/p>\n\n\n\n<p class=\"has-text-align-center has-neve-text-color-color has-text-color\"><strong>35 euros<\/strong><\/p>\n\n\n\n<p class=\"has-text-align-center has-neve-text-color-color has-text-color\">Enfant jusqu&rsquo;\u00e0 12 ans <\/p>\n<\/div>\n\n\n\n<div class=\"wp-block-column is-layout-flow wp-block-column-is-layout-flow\">\n<h3 class=\"wp-block-heading has-text-align-center has-neve-text-color-color has-text-color\">R\u00e9flexologie plantaire protocole cancer<\/h3>\n\n\n\n<p class=\"has-text-align-center has-neve-text-color-color has-text-color\">S\u00e9ance  1h <\/p>\n\n\n\n<p class=\"has-text-align-center has-neve-text-color-color has-text-color\"><strong>50 euros<\/strong><\/p>\n<\/div>\n<\/div>\n\n\n\n<p class=\"has-text-align-center has-neve-text-color-color has-text-color\"><\/p>\n\n\n\n<p class=\"has-text-align-center has-neve-text-color-color has-text-color\"><\/p>\n\n\n\n<p class=\"has-neve-text-color-color has-text-color\"><em><strong>De plus en plus de mutuelles remboursent ce type de soins, n&rsquo;h\u00e9sitez pas \u00e0 vous rapprocher de votre organisme.<\/strong><\/em><\/p>\n<\/div><\/div>\n\n\n\n<div style=\"height:60px\" aria-hidden=\"true\" class=\"wp-block-spacer\"><\/div>\n\n\n\n<div class=\"wp-block-columns are-vertically-aligned-center is-layout-flex wp-container-core-columns-is-layout-9d6595d7 wp-block-columns-is-layout-flex\">\n<div class=\"wp-block-column is-vertically-aligned-center is-layout-flow wp-block-column-is-layout-flow\" style=\"flex-basis:50%\">\n<figure class=\"wp-block-image size-full is-resized\"><img loading=\"lazy\" decoding=\"async\" width=\"270\" height=\"186\" src=\"http:\/\/reflexologue-fabienne-morel.fr\/wp-content\/uploads\/2022\/08\/index2.jpg\" alt=\"\" class=\"wp-image-388\" style=\"width:504px;height:347px\"\/><\/figure>\n<\/div>\n\n\n\n<div class=\"wp-block-column is-vertically-aligned-center is-layout-flow wp-block-column-is-layout-flow\" style=\"flex-basis:50%\">\n<div style=\"height:20px\" aria-hidden=\"true\" class=\"wp-block-spacer\"><\/div>\n\n\n\n<h2 class=\"wp-block-heading has-text-align-left has-neve-text-color-color has-text-color\">R\u00e9flexologie plantaire<\/h2>\n\n\n\n<p class=\"has-text-align-left has-neve-text-color-color has-text-color\" style=\"font-size:17px\">S\u00e9ance de r\u00e9flexologie plantaire 1h (1h15 la premi\u00e8re fois). <\/p>\n\n\n\n<p class=\"has-text-align-left has-neve-text-color-color has-text-color\" style=\"font-size:17px\">La s\u00e9ance d\u00e9bute toujours par un entretien, indispensable pour \u00e9tablir le protocole du soin le mieux adapt\u00e9 \u00e0 votre probl\u00e8me et vos ressentis lors des s\u00e9ances pr\u00e9c\u00e9dentes. <\/p>\n\n\n\n<p class=\"has-text-align-left has-neve-text-color-color has-text-color\" style=\"font-size:17px\">Viendra ensuite le travail des zones r\u00e9flexes sur la vo\u00fbte plantaire (30 min environ).<\/p>\n\n\n\n<div class=\"wp-block-buttons is-horizontal is-content-justification-left is-layout-flex wp-container-core-buttons-is-layout-7e5fce0a wp-block-buttons-is-layout-flex\">\n<div class=\"wp-block-button is-style-primary\"><a class=\"wp-block-button__link wp-element-button\" href=\"https:\/\/reflexologue-fabienne-morel.fr\/#contact\">PRENDRE RENDEZ-VOUS<\/a><\/div>\n<\/div>\n<\/div>\n<\/div>\n\n\n\n<div style=\"height:60px\" aria-hidden=\"true\" class=\"wp-block-spacer\"><\/div>\n\n\n\n<div class=\"wp-block-cover alignfull\" style=\"min-height:600px;aspect-ratio:unset;\"><span aria-hidden=\"true\" class=\"wp-block-cover__background has-nv-light-bg-background-color has-background-dim-100 has-background-dim\"><\/span><div class=\"wp-block-cover__inner-container is-layout-flow wp-block-cover-is-layout-flow\">\n<div class=\"wp-block-columns are-vertically-aligned-center is-layout-flex wp-container-core-columns-is-layout-9d6595d7 wp-block-columns-is-layout-flex\">\n<div class=\"wp-block-column is-vertically-aligned-center is-layout-flow wp-block-column-is-layout-flow\" style=\"flex-basis:50%\">\n<h2 class=\"wp-block-heading has-text-align-left has-neve-text-color-color has-text-color\">R\u00e9flexologie &amp; canc\u00e9rologie<\/h2>\n\n\n\n<p class=\"has-text-align-left has-neve-text-color-color has-text-color\" style=\"font-size:17px\">S\u00e9ance de r\u00e9flexologie plantaire d&rsquo;une dur\u00e9e d&rsquo;1h. <\/p>\n\n\n\n<p class=\"has-text-align-left has-neve-text-color-color has-text-color\" style=\"font-size:17px\">Il s&rsquo;agit de protocoles sp\u00e9cialement mis au point pour aider \u00e0 supporter ou pr\u00e9parer aux traitements. <\/p>\n\n\n\n<p class=\"has-neve-text-color-color has-text-color\"><strong>Les s\u00e9ances pourront avoir lieu:<\/strong><\/p>\n\n\n\n<p class=\"has-neve-text-color-color has-text-color\">*avant \/ apr\u00e8s les s\u00e9ances de chimioth\u00e9rapie<\/p>\n\n\n\n<p class=\"has-neve-text-color-color has-text-color\">*durant le traitement par radioth\u00e9rapie<\/p>\n\n\n\n<p class=\"has-neve-text-color-color has-text-color\">*pour vous pr\u00e9parez avant une greffe<\/p>\n\n\n\n<p class=\"has-neve-text-color-color has-text-color\">*en accompagnement lors de l&rsquo;arr\u00eat de tout traitement<\/p>\n\n\n\n<p class=\"has-text-align-left has-neve-text-color-color has-text-color\" style=\"font-size:17px\"><strong><em>EN AUCUNS CAS, LA R\u00c9FLEXOLOGIE N&rsquo;A POUR BUT DE TRAITER OU DIAGNOSTIQUER UNE PATHOLOGIE CANC\u00c9REUSE.<\/em><\/strong><\/p>\n\n\n\n<div class=\"wp-block-buttons is-horizontal is-content-justification-left is-layout-flex wp-container-core-buttons-is-layout-7e5fce0a wp-block-buttons-is-layout-flex\">\n<div class=\"wp-block-button is-style-primary\"><a class=\"wp-block-button__link wp-element-button\" href=\"https:\/\/reflexologue-fabienne-morel.fr\/#contact\">PRENDRE RENDEZ-VOUS<\/a><\/div>\n<\/div>\n\n\n\n<div style=\"height:40px\" aria-hidden=\"true\" class=\"wp-block-spacer\"><\/div>\n<\/div>\n\n\n\n<div class=\"wp-block-column is-vertically-aligned-center is-layout-flow wp-block-column-is-layout-flow\" style=\"flex-basis:50%\">\n<figure class=\"wp-block-image size-full is-resized\"><img loading=\"lazy\" decoding=\"async\" width=\"189\" height=\"267\" src=\"http:\/\/reflexologue-fabienne-morel.fr\/wp-content\/uploads\/2022\/08\/index.jpg\" alt=\"\" class=\"wp-image-390\" style=\"width:321px;height:453px\"\/><\/figure>\n<\/div>\n<\/div>\n<\/div><\/div>\n\n\n\n<div class=\"wp-block-cover alignfull\" style=\"min-height:600px;aspect-ratio:unset;\"><span aria-hidden=\"true\" class=\"wp-block-cover__background has-nv-site-bg-background-color has-background-dim-100 has-background-dim\"><\/span><div class=\"wp-block-cover__inner-container is-layout-flow wp-block-cover-is-layout-flow\">\n<div class=\"wp-block-group\"><div class=\"wp-block-group__inner-container is-layout-flow wp-block-group-is-layout-flow\">\n<div style=\"height:40px\" aria-hidden=\"true\" class=\"wp-block-spacer\"><\/div>\n<\/div><\/div>\n\n\n\n<div class=\"wp-block-media-text alignwide is-stacked-on-mobile\"><figure class=\"wp-block-media-text__media\"><img loading=\"lazy\" decoding=\"async\" width=\"1024\" height=\"683\" src=\"http:\/\/reflexologue-fabienne-morel.fr\/wp-content\/uploads\/2022\/08\/DSC_0472-1024x683.jpg\" alt=\"\" class=\"wp-image-433 size-full\" srcset=\"https:\/\/reflexologue-fabienne-morel.fr\/wp-content\/uploads\/2022\/08\/DSC_0472-1024x683.jpg 1024w, https:\/\/reflexologue-fabienne-morel.fr\/wp-content\/uploads\/2022\/08\/DSC_0472-300x200.jpg 300w, https:\/\/reflexologue-fabienne-morel.fr\/wp-content\/uploads\/2022\/08\/DSC_0472-768x512.jpg 768w, https:\/\/reflexologue-fabienne-morel.fr\/wp-content\/uploads\/2022\/08\/DSC_0472-1536x1024.jpg 1536w, https:\/\/reflexologue-fabienne-morel.fr\/wp-content\/uploads\/2022\/08\/DSC_0472-2048x1365.jpg 2048w, https:\/\/reflexologue-fabienne-morel.fr\/wp-content\/uploads\/2022\/08\/DSC_0472-930x620.jpg 930w\" sizes=\"auto, (max-width: 1024px) 100vw, 1024px\" \/><\/figure><div class=\"wp-block-media-text__content\">\n<p class=\"has-text-align-center has-neve-text-color-color has-text-color has-large-font-size\" id=\"moi\"><strong>Qui suis-je?<\/strong><\/p>\n\n\n\n<p class=\"has-text-align-center has-neve-text-color-color has-text-color\">J&rsquo;exerce depuis maintenant 15 ans dans le soin aupr\u00e8s de personnes atteintes de diff\u00e9rentes pathologies.<\/p>\n\n\n\n<p class=\"has-text-align-center has-neve-text-color-color has-text-color\"> J&rsquo;ai eu l\u2019occasion de d\u00e9couvrir d&rsquo;autres types de prises en charge dites de m\u00e9decine compl\u00e9mentaire au travers de la m\u00e9decine chinoise et l\u2019acupuncture. Cela m&rsquo;a permis de comprendre que l&rsquo;on pouvait prendre soin diff\u00e9remment, et en \u00e9toffant mes connaissances sur les diff\u00e9rentes disciplines, je me suis naturellement tourn\u00e9e vers la r\u00e9flexologie plantaire.<\/p>\n\n\n\n<p class=\"has-text-align-center has-neve-text-color-color has-text-color\">J&rsquo;ai donc suivi le formation \u00e0 la r\u00e9flexologie plantaire occidentale ( 184 h) et la m\u00e9thode \u00e9nerg\u00e9tique chinoise (400h) au sein de l&rsquo;\u00e9cole Action R\u00e9flexo Formation (ARF). Celle ci comprend \u00e9galement plus de 300 heures alliant anatomie et physiologie du corps humain.<\/p>\n\n\n\n<p class=\"has-text-align-center liencontact has-neve-text-color-color has-text-color\">Je suis \u00e9galement adh\u00e9rente \u00e0 la<a rel=\"noreferrer noopener\" href=\"https:\/\/federation-reflexologie.fr\/\" target=\"_blank\"> F\u00e9d\u00e9ration Internationale de R\u00e9flexologie Massage et Art-Th\u00e9rapie<\/a> (FIRMA).<\/p>\n\n\n\n<p><\/p>\n\n\n\n<p class=\"has-medium-font-size\"><\/p>\n<\/div><\/div>\n<\/div><\/div>\n\n\n\n<div class=\"wp-block-cover alignfull\" style=\"min-height:600px;aspect-ratio:unset;\"><span aria-hidden=\"true\" class=\"wp-block-cover__background has-nv-light-bg-background-color has-background-dim-100 has-background-dim\"><\/span><div class=\"wp-block-cover__inner-container is-layout-flow wp-block-cover-is-layout-flow\">\n<div style=\"height:40px\" aria-hidden=\"true\" class=\"wp-block-spacer\"><\/div>\n\n\n\n<h2 class=\"wp-block-heading has-neve-text-color-color has-text-color\">Contact<\/h2>\n\n\n\n<div class=\"wp-block-columns has-neve-text-color-color has-text-color is-layout-flex wp-container-core-columns-is-layout-9d6595d7 wp-block-columns-is-layout-flex\">\n<div class=\"wp-block-column is-layout-flow wp-block-column-is-layout-flow\" id=\"contact\">\n<h2 class=\"wp-block-heading has-text-align-center\" style=\"font-size:64px\"><i class=\"fa-regular fa-calendar-check\"><\/i><\/h2>\n\n\n\n<h3 class=\"wp-block-heading has-text-align-center has-neve-text-color-color has-text-color\">Rendez-vous en ligne<\/h3>\n\n\n\n<div class=\"wp-block-buttons is-content-justification-center is-layout-flex wp-container-core-buttons-is-layout-16018d1d wp-block-buttons-is-layout-flex\">\n<div class=\"wp-block-button is-style-primary\"><a class=\"wp-block-button__link wp-element-button\" href=\"https:\/\/www.rdv360.com\/fabienne-morel\" target=\"_blank\" rel=\"noreferrer noopener\">Rendez-vous<\/a><\/div>\n<\/div>\n\n\n\n<div style=\"height:20px\" aria-hidden=\"true\" class=\"wp-block-spacer\"><\/div>\n<\/div>\n\n\n\n<div class=\"wp-block-column is-layout-flow wp-block-column-is-layout-flow\">\n<h2 class=\"wp-block-heading has-text-align-center\" style=\"font-size:64px\"><i class=\"fa-solid fa-phone-flip\"><\/i><\/h2>\n\n\n\n<h3 class=\"wp-block-heading has-text-align-center has-neve-text-color-color has-text-color\">T\u00e9l\u00e9phone<\/h3>\n\n\n\n<p class=\"has-text-align-center\">06.71.11.24.66<\/p>\n\n\n\n<div style=\"height:20px\" aria-hidden=\"true\" class=\"wp-block-spacer\"><\/div>\n<\/div>\n\n\n\n<div class=\"wp-block-column is-layout-flow wp-block-column-is-layout-flow\">\n<h2 class=\"wp-block-heading has-text-align-center has-neve-text-color-color has-text-color\" style=\"font-size:64px\"><i class=\"fa-solid fa-envelope\"><\/i><\/h2>\n\n\n\n<h3 class=\"wp-block-heading has-text-align-center has-neve-text-color-color has-text-color\">E-mail<\/h3>\n\n\n\n<p class=\"has-text-align-center\">fm.reflexo@gmail.com<\/p>\n\n\n\n<div style=\"height:20px\" aria-hidden=\"true\" class=\"wp-block-spacer\"><\/div>\n<\/div>\n\n\n\n<div class=\"wp-block-column is-layout-flow wp-block-column-is-layout-flow\">\n<h2 class=\"wp-block-heading has-text-align-center\" style=\"font-size:64px\"><i class=\"fa-brands fa-facebook-f\"><\/i><\/h2>\n\n\n\n<p class=\"has-text-align-center liencontact has-medium-font-size\"><strong><a href=\"https:\/\/www.facebook.com\/Fabienne-Morel-Reflexologue-104877048959899\" data-type=\"URL\" data-id=\"https:\/\/www.facebook.com\/Fabienne-Morel-Reflexologue-104877048959899\" target=\"_blank\" rel=\"noreferrer noopener\">Facebook<\/a><\/strong><\/p>\n\n\n\n<p><\/p>\n<\/div>\n<\/div>\n\n\n\n<p class=\"has-neve-text-color-color has-text-color\"><strong>Avertissement&nbsp;:<em> La r\u00e9flexologie ne se substitue pas \u00e0 un suivi m\u00e9dical et ne permet en aucun cas d\u2019\u00e9tablir un diagnostic ou de modifier une prescription m\u00e9dicale. En cas de doute consulter votre m\u00e9decin traitant.<\/em><\/strong><\/p>\n\n\n\n<h2 class=\"wp-block-heading has-text-align-center has-neve-text-color-color has-neve-link-color-background-color has-text-color has-background has-medium-font-size\">Fabienne Morel, R\u00e9flexologue.<\/h2>\n\n\n\n<p class=\"has-text-align-center has-neve-text-color-color has-text-color has-small-font-size\"><\/p>\n\n\n\n<p class=\"has-text-align-center has-neve-text-color-color has-text-color has-small-font-size\">34190, Moules &amp; Baucels<\/p>\n\n\n\n<figure class=\"wp-block-image size-full is-resized\"><img loading=\"lazy\" decoding=\"async\" width=\"790\" height=\"506\" src=\"http:\/\/reflexologue-fabienne-morel.fr\/wp-content\/uploads\/2022\/09\/thumbnail_Logo-FIRMA-2021-11.jpg\" alt=\"\" class=\"wp-image-558\" style=\"width:175px;height:112px\" srcset=\"https:\/\/reflexologue-fabienne-morel.fr\/wp-content\/uploads\/2022\/09\/thumbnail_Logo-FIRMA-2021-11.jpg 790w, https:\/\/reflexologue-fabienne-morel.fr\/wp-content\/uploads\/2022\/09\/thumbnail_Logo-FIRMA-2021-11-300x192.jpg 300w, https:\/\/reflexologue-fabienne-morel.fr\/wp-content\/uploads\/2022\/09\/thumbnail_Logo-FIRMA-2021-11-768x492.jpg 768w\" sizes=\"auto, (max-width: 790px) 100vw, 790px\" \/><\/figure>\n<\/div><\/div>\n","protected":false},"excerpt":{"rendered":"<p>\u00ab La R\u00e9flexologie est une science qui part du principe qu\u2019il y a dans les pieds et lesmains des zones r\u00e9flexes correspondant \u00e0 toutes les glandes, tous les organes et toutesles parties du corps \u00bbDwight C Byers Qu&lsquo;est ce que la r\u00e9flexologie? Le praticien travaille en reptation avec le pouce ou l\u2019index afin de stimuler&hellip;&nbsp;<a href=\"https:\/\/reflexologue-fabienne-morel.fr\/\" rel=\"bookmark\">Lire la suite &raquo;<span class=\"screen-reader-text\">Home<\/span><\/a><\/p>\n","protected":false},"author":1,"featured_media":0,"parent":0,"menu_order":0,"comment_status":"closed","ping_status":"closed","template":"","meta":{"neve_meta_sidebar":"default","neve_meta_container":"default","neve_meta_enable_content_width":"on","neve_meta_content_width":100,"neve_meta_title_alignment":"","neve_meta_author_avatar":"","neve_post_elements_order":"","neve_meta_disable_header":"","neve_meta_disable_footer":"","neve_meta_disable_title":"on","footnotes":""},"class_list":["post-5","page","type-page","status-publish","hentry"],"_links":{"self":[{"href":"https:\/\/reflexologue-fabienne-morel.fr\/index.php\/wp-json\/wp\/v2\/pages\/5","targetHints":{"allow":["GET"]}}],"collection":[{"href":"https:\/\/reflexologue-fabienne-morel.fr\/index.php\/wp-json\/wp\/v2\/pages"}],"about":[{"href":"https:\/\/reflexologue-fabienne-morel.fr\/index.php\/wp-json\/wp\/v2\/types\/page"}],"author":[{"embeddable":true,"href":"https:\/\/reflexologue-fabienne-morel.fr\/index.php\/wp-json\/wp\/v2\/users\/1"}],"replies":[{"embeddable":true,"href":"https:\/\/reflexologue-fabienne-morel.fr\/index.php\/wp-json\/wp\/v2\/comments?post=5"}],"version-history":[{"count":105,"href":"https:\/\/reflexologue-fabienne-morel.fr\/index.php\/wp-json\/wp\/v2\/pages\/5\/revisions"}],"predecessor-version":[{"id":597,"href":"https:\/\/reflexologue-fabienne-morel.fr\/index.php\/wp-json\/wp\/v2\/pages\/5\/revisions\/597"}],"wp:attachment":[{"href":"https:\/\/reflexologue-fabienne-morel.fr\/index.php\/wp-json\/wp\/v2\/media?parent=5"}],"curies":[{"name":"wp","href":"https:\/\/api.w.org\/{rel}","templated":true}]}}